{"id":1385,"date":"2021-09-24T13:42:06","date_gmt":"2021-09-24T11:42:06","guid":{"rendered":"https:\/\/tdfcyber.fr\/rcyberna2021\/?page_id=1385"},"modified":"2021-09-24T13:42:06","modified_gmt":"2021-09-24T11:42:06","slug":"karine-amieva-camos","status":"publish","type":"page","link":"https:\/\/tdfcyber.fr\/rcyberna2021\/intervenants\/karine-amieva-camos\/","title":{"rendered":"Karine AMIEVA-CAMOS"},"content":{"rendered":"<p><div class=\"fusion-fullwidth fullwidth-box fusion-builder-row-1 fusion-flex-container nonhundred-percent-fullwidth non-hundred-percent-height-scrolling\" style=\"--awb-border-radius-top-left:0px;--awb-border-radius-top-right:0px;--awb-border-radius-bottom-right:0px;--awb-border-radius-bottom-left:0px;--awb-padding-top:0px;--awb-flex-wrap:wrap;\" ><div class=\"fusion-builder-row fusion-row fusion-flex-align-items-flex-start fusion-flex-content-wrap\" style=\"max-width:1248px;margin-left: calc(-4% \/ 2 );margin-right: calc(-4% \/ 2 );\"><div class=\"fusion-layout-column fusion_builder_column fusion-builder-column-0 fusion_builder_column_1_1 1_1 fusion-flex-column\" style=\"--awb-bg-size:cover;--awb-width-large:100%;--awb-margin-top-large:0px;--awb-spacing-right-large:1.92%;--awb-margin-bottom-large:20px;--awb-spacing-left-large:1.92%;--awb-width-medium:100%;--awb-order-medium:0;--awb-spacing-right-medium:1.92%;--awb-spacing-left-medium:1.92%;--awb-width-small:100%;--awb-order-small:0;--awb-spacing-right-small:1.92%;--awb-spacing-left-small:1.92%;\"><div class=\"fusion-column-wrapper fusion-column-has-shadow fusion-flex-justify-content-flex-start fusion-content-layout-column\"><div style=\"text-align:right;\"><a class=\"fusion-button button-flat button-medium button-custom fusion-button-default button-1 fusion-button-default-span fusion-button-default-type\" style=\"--button_accent_color:#ffffff;--button_accent_hover_color:#ffffff;--button_border_hover_color:#ffffff;--button_gradient_top_color:#0b3e75;--button_gradient_bottom_color:#0b3e75;--button_gradient_top_color_hover:#002d49;--button_gradient_bottom_color_hover:#002d49;--button_text_transform:uppercase;\" target=\"_self\" href=\"https:\/\/tdfcyber.fr\/rcyberna2021\/intervenants\/\"><span class=\"fusion-button-text awb-button__text awb-button__text--default\">Retour \u00e0 la liste des intervenants<\/span><\/a><\/div><\/div><\/div><\/div><\/div>\n<div class=\"fusion-fullwidth fullwidth-box fusion-builder-row-2 fusion-flex-container nonhundred-percent-fullwidth non-hundred-percent-height-scrolling\" style=\"--awb-background-position:left bottom;--awb-border-radius-top-left:0px;--awb-border-radius-top-right:0px;--awb-border-radius-bottom-right:0px;--awb-border-radius-bottom-left:0px;--awb-padding-top:20px;--awb-background-color:rgba(255,255,255,0.15);--awb-flex-wrap:wrap;\" ><div class=\"fusion-builder-row fusion-row fusion-flex-align-items-stretch fusion-flex-content-wrap\" style=\"max-width:1248px;margin-left: calc(-4% \/ 2 );margin-right: calc(-4% \/ 2 );\"><div class=\"fusion-layout-column fusion_builder_column fusion-builder-column-1 fusion_builder_column_1_3 1_3 fusion-flex-column\" style=\"--awb-bg-size:cover;--awb-width-large:33.333333333333%;--awb-margin-top-large:0px;--awb-spacing-right-large:5.76%;--awb-margin-bottom-large:20px;--awb-spacing-left-large:5.76%;--awb-width-medium:33.333333333333%;--awb-order-medium:0;--awb-spacing-right-medium:5.76%;--awb-spacing-left-medium:5.76%;--awb-width-small:100%;--awb-order-small:0;--awb-spacing-right-small:1.92%;--awb-spacing-left-small:1.92%;\"><div class=\"fusion-column-wrapper fusion-column-has-shadow fusion-flex-justify-content-flex-start fusion-content-layout-column\"><div class=\"fusion-image-element \" style=\"text-align:center;--awb-margin-bottom:20px;--awb-max-width:200px;--awb-caption-title-font-family:var(--h2_typography-font-family);--awb-caption-title-font-weight:var(--h2_typography-font-weight);--awb-caption-title-font-style:var(--h2_typography-font-style);--awb-caption-title-size:var(--h2_typography-font-size);--awb-caption-title-transform:var(--h2_typography-text-transform);--awb-caption-title-line-height:var(--h2_typography-line-height);--awb-caption-title-letter-spacing:var(--h2_typography-letter-spacing);--awb-filter:saturate(0%) brightness(100%);--awb-filter-transition:filter 0.3s ease;--awb-filter-hover:saturate(100%) brightness(0%);\"><span class=\" fusion-imageframe imageframe-dropshadow imageframe-1 hover-type-zoomin\" style=\"border-radius:50%;-webkit-box-shadow: 3px 3px 7px rgba(0,0,0,0.3);box-shadow: 3px 3px 7px rgba(0,0,0,0.3);\"><img decoding=\"async\" width=\"200\" height=\"200\" alt=\"Karine AMIEVA-CAMOS aux RCyber Nouvelle-Aquitaine\" title=\"photo_amieva-camos\" src=\"https:\/\/tdfcyber.fr\/rcyberna2021\/wp-content\/uploads\/sites\/7\/2021\/09\/photo_amieva-camos.jpg\" class=\"img-responsive wp-image-1386\" srcset=\"https:\/\/tdfcyber.fr\/rcyberna2021\/wp-content\/uploads\/sites\/7\/2021\/09\/photo_amieva-camos-66x66.jpg 66w, https:\/\/tdfcyber.fr\/rcyberna2021\/wp-content\/uploads\/sites\/7\/2021\/09\/photo_amieva-camos-150x150.jpg 150w, https:\/\/tdfcyber.fr\/rcyberna2021\/wp-content\/uploads\/sites\/7\/2021\/09\/photo_amieva-camos.jpg 200w\" sizes=\"(max-width: 200px) 100vw, 200px\" \/><\/span><\/div><\/div><\/div><div class=\"fusion-layout-column fusion_builder_column fusion-builder-column-2 fusion_builder_column_2_3 2_3 fusion-flex-column\" style=\"--awb-bg-size:cover;--awb-width-large:66.666666666667%;--awb-margin-top-large:0px;--awb-spacing-right-large:2.88%;--awb-margin-bottom-large:20px;--awb-spacing-left-large:2.88%;--awb-width-medium:66.666666666667%;--awb-order-medium:0;--awb-spacing-right-medium:2.88%;--awb-spacing-left-medium:2.88%;--awb-width-small:100%;--awb-order-small:0;--awb-spacing-right-small:1.92%;--awb-spacing-left-small:1.92%;\"><div class=\"fusion-column-wrapper fusion-column-has-shadow fusion-flex-justify-content-flex-start fusion-content-layout-column\"><div class=\"fusion-title title fusion-title-1 fusion-title-text fusion-title-size-three\" style=\"--awb-text-color:#d3144b;--awb-margin-top-small:10px;--awb-margin-right-small:0px;--awb-margin-bottom-small:10px;--awb-margin-left-small:0px;--awb-font-size:20px;\"><div class=\"title-sep-container title-sep-container-left fusion-no-large-visibility fusion-no-medium-visibility fusion-no-small-visibility\"><div class=\"title-sep sep-single sep-solid\" style=\"border-color:#0b3e75;\"><\/div><\/div><span class=\"awb-title-spacer fusion-no-large-visibility fusion-no-medium-visibility fusion-no-small-visibility\"><\/span><h3 class=\"fusion-title-heading title-heading-left\" style=\"margin:0;font-size:1em;\"><strong>Karine AMIEVA-CAMOS<\/strong><\/h3><span class=\"awb-title-spacer\"><\/span><div class=\"title-sep-container title-sep-container-right\"><div class=\"title-sep sep-single sep-solid\" style=\"border-color:#0b3e75;\"><\/div><\/div><\/div><div class=\"fusion-text fusion-text-1\"><h5 id=\"bio-titre\" style=\"text-align: left;\"><strong>D\u00e9l\u00e9gu\u00e9e \u00e0 l\u2019information strat\u00e9gique et \u00e0 la s\u00e9curit\u00e9 \u00e9conomiques <\/strong><\/h5>\n<h6 style=\"text-align: left;\"><em><strong>DREETS Nouvelle Aquitaine<\/strong><\/em><\/h6>\n<\/div><ul style=\"--awb-iconcolor:rgba(96,125,139,0.58);--awb-line-height:27.2px;--awb-icon-width:27.2px;--awb-icon-height:27.2px;--awb-icon-margin:11.2px;--awb-content-margin:38.4px;\" class=\"fusion-checklist fusion-checklist-1 fusion-checklist-default type-icons text-pt\"><li class=\"fusion-li-item\" style=\"\"><span class=\"icon-wrapper circle-no\"><i class=\"fusion-li-icon fa-twitter fab\" aria-hidden=\"true\"><\/i><\/span><div class=\"fusion-li-item-content\">\n<p><small><span style=\"color: #0b3e75;\"><a style=\"color: #0b3e75;\" href=\"https:\/\/twitter.com\/PrefAquitaine33\" target=\"blank\" rel=\"noopener noreferrer\">@PrefAquitaine33<\/a><\/span><\/small><\/p>\n<\/div><\/li><\/ul><\/div><\/div><\/div><\/div><div class=\"fusion-fullwidth fullwidth-box fusion-builder-row-3 fusion-flex-container fusion-parallax-none nonhundred-percent-fullwidth non-hundred-percent-height-scrolling\" style=\"--awb-background-position:left bottom;--awb-border-radius-top-left:0px;--awb-border-radius-top-right:0px;--awb-border-radius-bottom-right:0px;--awb-border-radius-bottom-left:0px;--awb-padding-top:30px;--awb-padding-bottom:30px;--awb-background-color:rgba(255,255,255,0.15);--awb-background-image:url(&quot;https:\/\/tdfcyber.fr\/rcybernormandie2020\/wp-content\/uploads\/sites\/5\/2020\/10\/CONNEXION-Fd-3.jpg&quot;);--awb-background-size:cover;--awb-flex-wrap:wrap;\" ><div class=\"fusion-builder-row fusion-row fusion-flex-align-items-stretch fusion-flex-content-wrap\" style=\"max-width:1248px;margin-left: calc(-4% \/ 2 );margin-right: calc(-4% \/ 2 );\"><div class=\"fusion-layout-column fusion_builder_column fusion-builder-column-3 fusion_builder_column_1_1 1_1 fusion-flex-column\" style=\"--awb-bg-size:cover;--awb-width-large:100%;--awb-margin-top-large:0px;--awb-spacing-right-large:1.92%;--awb-margin-bottom-large:20px;--awb-spacing-left-large:1.92%;--awb-width-medium:100%;--awb-order-medium:0;--awb-spacing-right-medium:1.92%;--awb-spacing-left-medium:1.92%;--awb-width-small:100%;--awb-order-small:0;--awb-spacing-right-small:1.92%;--awb-spacing-left-small:1.92%;\"><div class=\"fusion-column-wrapper fusion-column-has-shadow fusion-flex-justify-content-flex-start fusion-content-layout-column\"><div class=\"fusion-text fusion-text-2 justify\"><p>Apr\u00e8s une exp\u00e9rience dans le domaine humanitaire (Haut-Commissariat aux R\u00e9fugi\u00e9s des Nations Unies) en F\u00e9d\u00e9ration de Russie, puis dans une multinationale p\u00e9troli\u00e8re (REPSOL), Karine Amieva-Camos est entr\u00e9e au minist\u00e8re de l\u2019Economie pour effectuer des missions de soutien \u00e0 l\u2019export. Pendant une douzaine d\u2019ann\u00e9es elle a \u00e9t\u00e9 en poste \u00e0 l\u2019ambassade de France en F\u00e9d\u00e9ration de Russie, puis aux Etats-Unis en tant que conseill\u00e8re internationale. De retour en France en 2009, elle a travaill\u00e9 \u00e0 la DGCCRF sur des missions de surveillance du march\u00e9 des produits cosm\u00e9tiques, une mission \u00e0 caract\u00e8re r\u00e9galien qui l\u2019a amen\u00e9e \u00e0 repr\u00e9senter la France \u00e0 la Commission europ\u00e9enne. Depuis 2014 elle anime la politique d\u2019intelligence \u00e9conomique en r\u00e9gion Nouvelle Aquitaine, sous l\u2019autorit\u00e9 de la Pr\u00e9f\u00e8te.<\/p>\n<\/div><\/div><\/div><\/div><\/div><div class=\"fusion-fullwidth fullwidth-box fusion-builder-row-4 fusion-flex-container nonhundred-percent-fullwidth non-hundred-percent-height-scrolling\" style=\"--awb-border-radius-top-left:0px;--awb-border-radius-top-right:0px;--awb-border-radius-bottom-right:0px;--awb-border-radius-bottom-left:0px;--awb-padding-top:30px;--awb-padding-bottom:10px;--awb-background-color:#d3144b;--awb-flex-wrap:wrap;\" ><div class=\"fusion-builder-row fusion-row fusion-flex-align-items-center fusion-flex-justify-content-center fusion-flex-content-wrap\" style=\"max-width:1248px;margin-left: calc(-4% \/ 2 );margin-right: calc(-4% \/ 2 );\"><div class=\"fusion-layout-column fusion_builder_column fusion-builder-column-4 fusion_builder_column_1_1 1_1 fusion-flex-column\" style=\"--awb-bg-size:cover;--awb-width-large:100%;--awb-margin-top-large:0px;--awb-spacing-right-large:1.92%;--awb-margin-bottom-large:20px;--awb-spacing-left-large:1.92%;--awb-width-medium:100%;--awb-order-medium:0;--awb-spacing-right-medium:1.92%;--awb-spacing-left-medium:1.92%;--awb-width-small:100%;--awb-order-small:0;--awb-spacing-right-small:1.92%;--awb-spacing-left-small:1.92%;\"><div class=\"fusion-column-wrapper fusion-column-has-shadow fusion-flex-justify-content-flex-start fusion-content-layout-column\"><div class=\"fusion-text fusion-text-3\"><h5 style=\"text-align: center;\"><strong><span style=\"color: #ffffff;\">Si vous souhaitez devenir partenaire, sponsor ou exposant du TDFCyber2021\u2026<\/span><\/strong><\/h5>\n<\/div><div style=\"text-align:center;\"><a class=\"fusion-button button-flat fusion-button-default-size button-custom fusion-button-default button-2 fusion-button-default-span fusion-button-default-type\" style=\"--button_accent_color:#ffffff;--button_accent_hover_color:#ffffff;--button_border_hover_color:#ffffff;--button_gradient_top_color:#0b3e75;--button_gradient_bottom_color:#0b3e75;--button_gradient_top_color_hover:#001f4f;--button_gradient_bottom_color_hover:#001f4f;--button_text_transform:uppercase;\" target=\"_blank\" rel=\"noopener noreferrer\" href=\"https:\/\/tdfcyber.fr\/contacter-le-tdfcyber\/\"><span class=\"fusion-button-text awb-button__text awb-button__text--default\">CONTACTEZ-NOUS<\/span><\/a><\/div><\/div><\/div><\/div><\/div>\n<div class=\"fusion-fullwidth fullwidth-box fusion-builder-row-5 fusion-flex-container fusion-parallax-none nonhundred-percent-fullwidth non-hundred-percent-height-scrolling\" style=\"--awb-background-position:right bottom;--awb-border-radius-top-left:0px;--awb-border-radius-top-right:0px;--awb-border-radius-bottom-right:0px;--awb-border-radius-bottom-left:0px;--awb-padding-top:30px;--awb-background-image:url(&quot;https:\/\/tdfcyber.fr\/rcybernormandie2020\/wp-content\/uploads\/sites\/5\/2020\/10\/CONNEXION-Fd-3.jpg&quot;);--awb-background-size:cover;--awb-flex-wrap:wrap;\" ><div class=\"fusion-builder-row fusion-row fusion-flex-align-items-flex-start fusion-flex-content-wrap\" style=\"max-width:1248px;margin-left: calc(-4% \/ 2 );margin-right: calc(-4% \/ 2 );\"><div class=\"fusion-layout-column fusion_builder_column fusion-builder-column-5 fusion_builder_column_1_1 1_1 fusion-flex-column\" style=\"--awb-bg-size:cover;--awb-width-large:100%;--awb-margin-top-large:0px;--awb-spacing-right-large:1.92%;--awb-margin-bottom-large:20px;--awb-spacing-left-large:1.92%;--awb-width-medium:100%;--awb-order-medium:0;--awb-spacing-right-medium:1.92%;--awb-spacing-left-medium:1.92%;--awb-width-small:100%;--awb-order-small:0;--awb-spacing-right-small:1.92%;--awb-spacing-left-small:1.92%;\"><div class=\"fusion-column-wrapper fusion-column-has-shadow fusion-flex-justify-content-flex-start fusion-content-layout-column\"><div class=\"fusion-text fusion-text-4\"><h5><strong><span style=\"color: #c91449;\">NOS PARTENAIRES<\/span><\/strong><\/h5>\n<p><strong><\/p>\n<\/div><div class=\"fusion-image-carousel fusion-image-carousel-fixed fusion-image-carousel-1\"><div class=\"awb-carousel awb-swiper awb-swiper-carousel awb-carousel--carousel awb-swiper-dots-position-bottom\" data-layout=\"carousel\" data-autoplay=\"yes\" data-autoplayspeed=\"2500\" data-autoplaypause=\"no\" data-loop=\"yes\" data-columns=\"4\" data-columnsmedium=\"1\" data-columnssmall=\"1\" data-itemmargin=\"10\" data-itemwidth=\"180\" data-touchscroll=\"no\" data-freemode=\"no\" data-imagesize=\"fixed\" data-scrollitems=\"0\" data-centeredslides=\"no\" data-rotationangle=\"50\" data-depth=\"100\" data-speed=\"500\" data-shadow=\"no\" data-pagination=\"bullets\" style=\"--awb-columns:4;--awb-column-spacing:10px;\"><div class=\"swiper-wrapper awb-image-carousel-wrapper fusion-flex-align-items-center\"><div class=\"swiper-slide\"><div class=\"fusion-carousel-item-wrapper\"><div class=\"fusion-image-wrapper hover-type-zoomin\"><a href=\"https:\/\/www.avantdecliquer.com\/\" target=\"_blank\" rel=\"noopener noreferrer\"><img decoding=\"async\" width=\"250\" height=\"99\" src=\"https:\/\/tdfcyber.fr\/rcyberna2021\/wp-content\/uploads\/sites\/7\/2021\/09\/LOG_ADC.png\" class=\"attachment-blog-medium size-blog-medium\" alt=\"AVANT DE CLIQUER partenaire des RCyber Nouvelle-Aquitaine 2021\" srcset=\"https:\/\/tdfcyber.fr\/rcyberna2021\/wp-content\/uploads\/sites\/7\/2021\/09\/LOG_ADC-200x79.png 200w, https:\/\/tdfcyber.fr\/rcyberna2021\/wp-content\/uploads\/sites\/7\/2021\/09\/LOG_ADC.png 250w\" sizes=\"(min-width: 2200px) 100vw, (min-width: 856px) 293px, (min-width: 784px) 390px, (min-width: 712px) 585px, (min-width: 640px) 712px, \" \/><\/a><\/div><\/div><\/div><div class=\"swiper-slide\"><div class=\"fusion-carousel-item-wrapper\"><div class=\"fusion-image-wrapper hover-type-zoomin\"><a href=\"https:\/\/www.cybermalveillance.gouv.fr\/\" target=\"_blank\" rel=\"noopener noreferrer\"><img decoding=\"async\" width=\"250\" height=\"100\" src=\"https:\/\/tdfcyber.fr\/rcyberna2021\/wp-content\/uploads\/sites\/7\/2020\/10\/CYBER-MALVEILLANCE.jpg\" class=\"attachment-blog-medium size-blog-medium\" alt=\"Cybermalveillance.gouv.fr partenaire des RCyber Nouvelle-Aquitaine 2021\" srcset=\"https:\/\/tdfcyber.fr\/rcyberna2021\/wp-content\/uploads\/sites\/7\/2020\/10\/CYBER-MALVEILLANCE-200x80.jpg 200w, https:\/\/tdfcyber.fr\/rcyberna2021\/wp-content\/uploads\/sites\/7\/2020\/10\/CYBER-MALVEILLANCE.jpg 250w\" sizes=\"(min-width: 2200px) 100vw, (min-width: 856px) 293px, (min-width: 784px) 390px, (min-width: 712px) 585px, (min-width: 640px) 712px, \" \/><\/a><\/div><\/div><\/div><div class=\"swiper-slide\"><div class=\"fusion-carousel-item-wrapper\"><div class=\"fusion-image-wrapper hover-type-zoomin\"><a href=\"https:\/\/www.certitudenumerique.net\/\" target=\"_blank\" rel=\"noopener noreferrer\"><img decoding=\"async\" width=\"250\" height=\"100\" src=\"https:\/\/tdfcyber.fr\/rcyberna2021\/wp-content\/uploads\/sites\/7\/2020\/10\/CERTITUDE-NUMERIQUE.jpg\" class=\"attachment-blog-medium size-blog-medium\" alt=\"CERTITUDE NUMERIQUE partenaire des RCyber Nouvelle-Aquitaine 2021\" srcset=\"https:\/\/tdfcyber.fr\/rcyberna2021\/wp-content\/uploads\/sites\/7\/2020\/10\/CERTITUDE-NUMERIQUE-200x80.jpg 200w, https:\/\/tdfcyber.fr\/rcyberna2021\/wp-content\/uploads\/sites\/7\/2020\/10\/CERTITUDE-NUMERIQUE.jpg 250w\" sizes=\"(min-width: 2200px) 100vw, (min-width: 856px) 293px, (min-width: 784px) 390px, (min-width: 712px) 585px, (min-width: 640px) 712px, \" \/><\/a><\/div><\/div><\/div><div class=\"swiper-slide\"><div class=\"fusion-carousel-item-wrapper\"><div class=\"fusion-image-wrapper hover-type-zoomin\"><a href=\"https:\/\/www.enedis.fr\/\" target=\"_blank\" rel=\"noopener noreferrer\"><img decoding=\"async\" width=\"250\" height=\"100\" src=\"https:\/\/tdfcyber.fr\/rcyberna2021\/wp-content\/uploads\/sites\/7\/2021\/08\/ENEDIS-Logo.gif\" class=\"attachment-blog-medium size-blog-medium\" alt=\"ENEDIS partenaire des RCyber Nouvelle-Aquitaine 2021\" \/><\/a><\/div><\/div><\/div><div class=\"swiper-slide\"><div class=\"fusion-carousel-item-wrapper\"><div class=\"fusion-image-wrapper hover-type-zoomin\"><a href=\"https:\/\/www.groupelaposte.com\/fr\" target=\"_blank\" rel=\"noopener noreferrer\"><img decoding=\"async\" width=\"250\" height=\"100\" src=\"https:\/\/tdfcyber.fr\/rcyberna2021\/wp-content\/uploads\/sites\/7\/2020\/10\/LE-GROUPE-LA-POSTE.gif\" class=\"attachment-blog-medium size-blog-medium\" alt=\"Le Groupe la Poste partenaire des RCyber Nouvelle-Aquitaine 2021\" \/><\/a><\/div><\/div><\/div><div class=\"swiper-slide\"><div class=\"fusion-carousel-item-wrapper\"><div class=\"fusion-image-wrapper hover-type-zoomin\"><a href=\"https:\/\/www.banquedesterritoires.fr\" target=\"_blank\" rel=\"noopener noreferrer\"><img decoding=\"async\" width=\"250\" height=\"100\" src=\"https:\/\/tdfcyber.fr\/rcyberna2021\/wp-content\/uploads\/sites\/7\/2021\/04\/logo-bdt_small.png\" class=\"attachment-blog-medium size-blog-medium\" alt=\"La Banque des territoires partenaire des RCyber Nouvelle-Aquitaine 2021\" srcset=\"https:\/\/tdfcyber.fr\/rcyberna2021\/wp-content\/uploads\/sites\/7\/2021\/04\/logo-bdt_small-200x80.png 200w, https:\/\/tdfcyber.fr\/rcyberna2021\/wp-content\/uploads\/sites\/7\/2021\/04\/logo-bdt_small.png 250w\" sizes=\"(min-width: 2200px) 100vw, (min-width: 856px) 293px, (min-width: 784px) 390px, (min-width: 712px) 585px, (min-width: 640px) 712px, \" \/><\/a><\/div><\/div><\/div><div class=\"swiper-slide\"><div class=\"fusion-carousel-item-wrapper\"><div class=\"fusion-image-wrapper hover-type-zoomin\"><a href=\"http:\/\/www.merignac.com\/\" target=\"_blank\" rel=\"noopener noreferrer\"><img decoding=\"async\" width=\"250\" height=\"100\" src=\"https:\/\/tdfcyber.fr\/rcyberna2021\/wp-content\/uploads\/sites\/7\/2021\/08\/MERIGNAC-Logo.gif\" class=\"attachment-blog-medium size-blog-medium\" alt=\"M\u00e9rignac partenaire des RCyber Nouvelle-Aquitaine 2021\" \/><\/a><\/div><\/div><\/div><\/div><div class=\"awb-swiper-button awb-swiper-button-prev\"><i class=\"awb-icon-angle-left\" aria-hidden=\"true\"><\/i><\/div><div class=\"awb-swiper-button awb-swiper-button-next\"><i class=\"awb-icon-angle-right\" aria-hidden=\"true\"><\/i><\/div><\/div><\/div><div class=\"fusion-text fusion-text-5\"><p><\/strong><\/p>\n<h5><span style=\"color: #c91449;\"><strong>NOS SOUTIENS INSTITUTIONNELS<\/strong><\/span><\/h5>\n<\/div><div class=\"fusion-image-carousel fusion-image-carousel-fixed fusion-image-carousel-2\"><div class=\"awb-carousel awb-swiper awb-swiper-carousel awb-carousel--carousel awb-swiper-dots-position-bottom\" data-layout=\"carousel\" data-autoplay=\"yes\" data-autoplayspeed=\"2500\" data-autoplaypause=\"no\" data-loop=\"yes\" data-columns=\"4\" data-columnsmedium=\"1\" data-columnssmall=\"1\" data-itemmargin=\"10\" data-itemwidth=\"180\" data-touchscroll=\"no\" data-freemode=\"no\" data-imagesize=\"fixed\" data-scrollitems=\"0\" data-centeredslides=\"no\" data-rotationangle=\"50\" data-depth=\"100\" data-speed=\"500\" data-shadow=\"no\" data-pagination=\"bullets\" style=\"--awb-columns:4;--awb-column-spacing:10px;--awb-dots-align:center;\"><div class=\"swiper-wrapper awb-image-carousel-wrapper fusion-flex-align-items-center\"><div class=\"swiper-slide\"><div class=\"fusion-carousel-item-wrapper\"><div class=\"fusion-image-wrapper hover-type-zoomin\"><a href=\"https:\/\/www.adi-na.fr\/\" target=\"_blank\" rel=\"noopener noreferrer\"><img decoding=\"async\" width=\"250\" height=\"100\" src=\"https:\/\/tdfcyber.fr\/rcyberna2021\/wp-content\/uploads\/sites\/7\/2021\/08\/ADI-NOUVELLE-AQUITAINE-Logo.gif\" class=\"attachment-blog-medium size-blog-medium\" alt=\"L&#039;ADI soutient les RCyber Nouvelle-Aquitaine 2021\" \/><\/a><\/div><\/div><\/div><div class=\"swiper-slide\"><div class=\"fusion-carousel-item-wrapper\"><div class=\"fusion-image-wrapper hover-type-zoomin\"><a href=\"https:\/\/technowest.com\/\" target=\"_blank\" rel=\"noopener noreferrer\"><img decoding=\"async\" width=\"250\" height=\"100\" src=\"https:\/\/tdfcyber.fr\/rcyberna2021\/wp-content\/uploads\/sites\/7\/2021\/08\/BORDEAUX-TECHNOWEST-Logo.gif\" class=\"attachment-blog-medium size-blog-medium\" alt=\"Bordeaux Technowest soutient les RCyber Nouvelle-Aquitaine 2021\" \/><\/a><\/div><\/div><\/div><div class=\"swiper-slide\"><div class=\"fusion-carousel-item-wrapper\"><div class=\"fusion-image-wrapper hover-type-zoomin\"><a href=\"http:\/\/www.fondation.univ-bordeaux.fr\/projet\/chaire-defense-aerospatial\" target=\"_blank\" rel=\"noopener noreferrer\"><img decoding=\"async\" width=\"250\" height=\"100\" src=\"https:\/\/tdfcyber.fr\/rcyberna2021\/wp-content\/uploads\/sites\/7\/2021\/08\/Chaire-defence-aerospaciale.gif\" class=\"attachment-blog-medium size-blog-medium\" alt=\"La Chaire D\u00e9fense et A\u00e9rospatial soutient les RCyber Nouvelle-Aquitaine 2021\" \/><\/a><\/div><\/div><\/div><div class=\"swiper-slide\"><div class=\"fusion-carousel-item-wrapper\"><div class=\"fusion-image-wrapper hover-type-zoomin\"><a href=\"https:\/\/www.clusir-aquitaine.fr\/\" target=\"_blank\" rel=\"noopener noreferrer\"><img decoding=\"async\" width=\"250\" height=\"100\" src=\"https:\/\/tdfcyber.fr\/rcyberna2021\/wp-content\/uploads\/sites\/7\/2021\/08\/CLUSIR-Aquitaine-Logo.gif\" class=\"attachment-blog-medium size-blog-medium\" alt=\"Le CLUSIR Aquitaine soutient les RCyber Nouvelle-Aquitaine 2021\" \/><\/a><\/div><\/div><\/div><div class=\"swiper-slide\"><div class=\"fusion-carousel-item-wrapper\"><div class=\"fusion-image-wrapper hover-type-zoomin\"><a href=\"https:\/\/www.cpme.fr\/\" target=\"_blank\" rel=\"noopener noreferrer\"><img decoding=\"async\" width=\"250\" height=\"99\" src=\"https:\/\/tdfcyber.fr\/rcyberna2021\/wp-content\/uploads\/sites\/7\/2021\/09\/LOGO_CPME.jpg\" class=\"attachment-blog-medium size-blog-medium\" alt=\"La CPME soutient les RCyber Nouvelle-Aquitaine 2021\" srcset=\"https:\/\/tdfcyber.fr\/rcyberna2021\/wp-content\/uploads\/sites\/7\/2021\/09\/LOGO_CPME-200x79.jpg 200w, https:\/\/tdfcyber.fr\/rcyberna2021\/wp-content\/uploads\/sites\/7\/2021\/09\/LOGO_CPME.jpg 250w\" sizes=\"(min-width: 2200px) 100vw, (min-width: 856px) 293px, (min-width: 784px) 390px, (min-width: 712px) 585px, (min-width: 640px) 712px, \" \/><\/a><\/div><\/div><\/div><div class=\"swiper-slide\"><div class=\"fusion-carousel-item-wrapper\"><div class=\"fusion-image-wrapper hover-type-zoomin\"><a href=\"https:\/\/www.police-nationale.interieur.gouv.fr\/Organisation\/Direction-Centrale-de-la-Police-Judiciaire\/Lutte-contre-la-criminalite-organisee\/Sous-direction-de-lutte-contre-la-cybercriminalite\" target=\"_blank\" rel=\"noopener noreferrer\"><img decoding=\"async\" width=\"130\" height=\"110\" src=\"https:\/\/tdfcyber.fr\/rcyberna2021\/wp-content\/uploads\/sites\/7\/2021\/08\/DCPJ-Bordeaux.gif\" class=\"attachment-blog-medium size-blog-medium\" alt=\"Le RCM soutient les RCyber Nouvelle-Aquitaine 2021\" \/><\/a><\/div><\/div><\/div><div class=\"swiper-slide\"><div class=\"fusion-carousel-item-wrapper\"><div class=\"fusion-image-wrapper hover-type-zoomin\"><a href=\"https:\/\/nouvelle-aquitaine.dreets.gouv.fr\/\" target=\"_blank\" rel=\"noopener noreferrer\"><img decoding=\"async\" width=\"250\" height=\"100\" src=\"https:\/\/tdfcyber.fr\/rcyberna2021\/wp-content\/uploads\/sites\/7\/2021\/09\/Logo_Dreets_NA.png\" class=\"attachment-blog-medium size-blog-medium\" alt=\"La DREETS soutient les RCyber Nouvelle-Aquitaine 2021\" srcset=\"https:\/\/tdfcyber.fr\/rcyberna2021\/wp-content\/uploads\/sites\/7\/2021\/09\/Logo_Dreets_NA-200x80.png 200w, https:\/\/tdfcyber.fr\/rcyberna2021\/wp-content\/uploads\/sites\/7\/2021\/09\/Logo_Dreets_NA.png 250w\" sizes=\"(min-width: 2200px) 100vw, (min-width: 856px) 293px, (min-width: 784px) 390px, (min-width: 712px) 585px, (min-width: 640px) 712px, \" \/><\/a><\/div><\/div><\/div><div class=\"swiper-slide\"><div class=\"fusion-carousel-item-wrapper\"><div class=\"fusion-image-wrapper hover-type-zoomin\"><a href=\"https:\/\/www.interieur.gouv.fr\/\" target=\"_blank\" rel=\"noopener noreferrer\"><img decoding=\"async\" width=\"250\" height=\"100\" src=\"https:\/\/tdfcyber.fr\/rcyberna2021\/wp-content\/uploads\/sites\/7\/2021\/09\/Logo_MI.png\" class=\"attachment-blog-medium size-blog-medium\" alt=\"Le Minist\u00e8re de l&#039;int\u00e9rieur soutient les RCyber Nouvelle-Aquitaine 2021\" srcset=\"https:\/\/tdfcyber.fr\/rcyberna2021\/wp-content\/uploads\/sites\/7\/2021\/09\/Logo_MI-200x80.png 200w, https:\/\/tdfcyber.fr\/rcyberna2021\/wp-content\/uploads\/sites\/7\/2021\/09\/Logo_MI.png 250w\" sizes=\"(min-width: 2200px) 100vw, (min-width: 856px) 293px, (min-width: 784px) 390px, (min-width: 712px) 585px, (min-width: 640px) 712px, \" \/><\/a><\/div><\/div><\/div><div class=\"swiper-slide\"><div class=\"fusion-carousel-item-wrapper\"><div class=\"fusion-image-wrapper hover-type-zoomin\"><a href=\"https:\/\/www.gendarmerie.interieur.gouv.fr\/\" target=\"_blank\" rel=\"noopener noreferrer\"><img decoding=\"async\" width=\"130\" height=\"110\" src=\"https:\/\/tdfcyber.fr\/rcyberna2021\/wp-content\/uploads\/sites\/7\/2020\/10\/GENDARMERIE-NATIONALE.gif\" class=\"attachment-blog-medium size-blog-medium\" alt=\"La gendarmerie nationale soutient les RCyber Nouvelle-Aquitaine 2021\" \/><\/a><\/div><\/div><\/div><div class=\"swiper-slide\"><div class=\"fusion-carousel-item-wrapper\"><div class=\"fusion-image-wrapper hover-type-zoomin\"><a href=\"https:\/\/www.police-nationale.interieur.gouv.fr\/Organisation\/Direction-Centrale-de-la-Police-Judiciaire\" target=\"_blank\" rel=\"noopener noreferrer\"><img decoding=\"async\" width=\"249\" height=\"100\" src=\"https:\/\/tdfcyber.fr\/rcyberna2021\/wp-content\/uploads\/sites\/7\/2021\/09\/Logo_DCPJ.png\" class=\"attachment-blog-medium size-blog-medium\" alt=\"La DCPJ soutient les RCyber Nouvelle-Aquitaine 2021\" srcset=\"https:\/\/tdfcyber.fr\/rcyberna2021\/wp-content\/uploads\/sites\/7\/2021\/09\/Logo_DCPJ-200x80.png 200w, https:\/\/tdfcyber.fr\/rcyberna2021\/wp-content\/uploads\/sites\/7\/2021\/09\/Logo_DCPJ.png 249w\" sizes=\"(min-width: 2200px) 100vw, (min-width: 856px) 293px, (min-width: 784px) 390px, (min-width: 712px) 585px, (min-width: 640px) 712px, \" \/><\/a><\/div><\/div><\/div><div class=\"swiper-slide\"><div class=\"fusion-carousel-item-wrapper\"><div class=\"fusion-image-wrapper hover-type-zoomin\"><a href=\"https:\/\/anpp.fr\/\" target=\"_blank\" rel=\"noopener noreferrer\"><img decoding=\"async\" width=\"250\" height=\"100\" src=\"https:\/\/tdfcyber.fr\/rcyberna2021\/wp-content\/uploads\/sites\/7\/2020\/10\/ANPP.gif\" class=\"attachment-blog-medium size-blog-medium\" alt=\"L&#039;ANPP soutient les RCyber Nouvelle-Aquitaine 2021\" \/><\/a><\/div><\/div><\/div><div class=\"swiper-slide\"><div class=\"fusion-carousel-item-wrapper\"><div class=\"fusion-image-wrapper hover-type-zoomin\"><a href=\"https:\/\/cefcys.fr\/\" target=\"_blank\" rel=\"noopener noreferrer\"><img decoding=\"async\" width=\"130\" height=\"110\" src=\"https:\/\/tdfcyber.fr\/rcyberna2021\/wp-content\/uploads\/sites\/7\/2020\/10\/CEFCYS2.gif\" class=\"attachment-blog-medium size-blog-medium\" alt=\"Le CEFCYS soutient les RCyber Nouvelle-Aquitaine 2021\" \/><\/a><\/div><\/div><\/div><div class=\"swiper-slide\"><div class=\"fusion-carousel-item-wrapper\"><div class=\"fusion-image-wrapper hover-type-zoomin\"><a href=\"https:\/\/www.cesin.fr\/\" target=\"_blank\" rel=\"noopener noreferrer\"><img decoding=\"async\" width=\"250\" height=\"100\" src=\"https:\/\/tdfcyber.fr\/rcyberna2021\/wp-content\/uploads\/sites\/7\/2020\/10\/CESIN.gif\" class=\"attachment-blog-medium size-blog-medium\" alt=\"Le CESIN soutient les RCyber Nouvelle-Aquitaine 2021\" \/><\/a><\/div><\/div><\/div><div class=\"swiper-slide\"><div class=\"fusion-carousel-item-wrapper\"><div class=\"fusion-image-wrapper hover-type-zoomin\"><a href=\"https:\/\/jeunes-ihedn.org\/\" target=\"_blank\" rel=\"noopener noreferrer\"><img decoding=\"async\" width=\"250\" height=\"100\" src=\"https:\/\/tdfcyber.fr\/rcyberna2021\/wp-content\/uploads\/sites\/7\/2020\/10\/JEUNES-IHEDN.gif\" class=\"attachment-blog-medium size-blog-medium\" alt=\"Les jeunes de l&#039;IHEDN soutiennent les RCyber Nouvelle-Aquitaine 2021\" \/><\/a><\/div><\/div><\/div><\/div><div class=\"awb-swiper-button awb-swiper-button-prev\"><i class=\"awb-icon-angle-left\" aria-hidden=\"true\"><\/i><\/div><div class=\"awb-swiper-button awb-swiper-button-next\"><i class=\"awb-icon-angle-right\" aria-hidden=\"true\"><\/i><\/div><\/div><\/div><\/div><\/div><\/div><\/div>\n<\/p>\n","protected":false},"excerpt":{"rendered":"","protected":false},"author":1,"featured_media":0,"parent":180,"menu_order":0,"comment_status":"closed","ping_status":"closed","template":"100-width.php","meta":{"footnotes":""},"class_list":["post-1385","page","type-page","status-publish","hentry"],"yoast_head":"<!-- This site is optimized with the Yoast SEO plugin v27.4 - https:\/\/yoast.com\/product\/yoast-seo-wordpress\/ -->\n<title>Karine AMIEVA-CAMOS - RCyber Nouvelle-Aquitaine 2021<\/title>\n<meta name=\"description\" content=\"Rencontres de la Cybers\u00e9curit\u00e9 Nouvelle-Aquitaine 2021 - Karine AMIEVA-CAMOS - SISSE - Intervenante\" \/>\n<meta name=\"robots\" content=\"index, follow, max-snippet:-1, max-image-preview:large, max-video-preview:-1\" \/>\n<link rel=\"canonical\" href=\"https:\/\/tdfcyber.fr\/rcyberna2021\/intervenants\/karine-amieva-camos\/\" \/>\n<meta property=\"og:locale\" content=\"fr_FR\" \/>\n<meta property=\"og:type\" content=\"article\" \/>\n<meta property=\"og:title\" content=\"Karine AMIEVA-CAMOS - RCyber Nouvelle-Aquitaine 2021\" \/>\n<meta property=\"og:description\" content=\"Rencontres de la Cybers\u00e9curit\u00e9 Nouvelle-Aquitaine 2021 - Karine AMIEVA-CAMOS - SISSE - Intervenante\" \/>\n<meta property=\"og:url\" content=\"https:\/\/tdfcyber.fr\/rcyberna2021\/intervenants\/karine-amieva-camos\/\" \/>\n<meta property=\"og:site_name\" content=\"Rencontres de la Cybers\u00e9curit\u00e9 Nouvelle-Aquitaine 2021\" \/>\n<meta name=\"twitter:card\" content=\"summary_large_image\" \/>\n<meta name=\"twitter:label1\" content=\"Dur\u00e9e de lecture estim\u00e9e\" \/>\n\t<meta name=\"twitter:data1\" content=\"9 minutes\" \/>\n<script type=\"application\/ld+json\" class=\"yoast-schema-graph\">{\"@context\":\"https:\\\/\\\/schema.org\",\"@graph\":[{\"@type\":\"WebPage\",\"@id\":\"https:\\\/\\\/tdfcyber.fr\\\/rcyberna2021\\\/intervenants\\\/karine-amieva-camos\\\/\",\"url\":\"https:\\\/\\\/tdfcyber.fr\\\/rcyberna2021\\\/intervenants\\\/karine-amieva-camos\\\/\",\"name\":\"Karine AMIEVA-CAMOS - RCyber Nouvelle-Aquitaine 2021\",\"isPartOf\":{\"@id\":\"https:\\\/\\\/tdfcyber.fr\\\/rcyberna2021\\\/#website\"},\"datePublished\":\"2021-09-24T11:42:06+00:00\",\"description\":\"Rencontres de la Cybers\u00e9curit\u00e9 Nouvelle-Aquitaine 2021 - Karine AMIEVA-CAMOS - SISSE - Intervenante\",\"breadcrumb\":{\"@id\":\"https:\\\/\\\/tdfcyber.fr\\\/rcyberna2021\\\/intervenants\\\/karine-amieva-camos\\\/#breadcrumb\"},\"inLanguage\":\"fr-FR\",\"potentialAction\":[{\"@type\":\"ReadAction\",\"target\":[\"https:\\\/\\\/tdfcyber.fr\\\/rcyberna2021\\\/intervenants\\\/karine-amieva-camos\\\/\"]}]},{\"@type\":\"BreadcrumbList\",\"@id\":\"https:\\\/\\\/tdfcyber.fr\\\/rcyberna2021\\\/intervenants\\\/karine-amieva-camos\\\/#breadcrumb\",\"itemListElement\":[{\"@type\":\"ListItem\",\"position\":1,\"name\":\"Accueil\",\"item\":\"https:\\\/\\\/tdfcyber.fr\\\/rcyberna2021\\\/\"},{\"@type\":\"ListItem\",\"position\":2,\"name\":\"Intervenants\",\"item\":\"https:\\\/\\\/tdfcyber.fr\\\/rcyberna2021\\\/?page_id=180\"},{\"@type\":\"ListItem\",\"position\":3,\"name\":\"Karine AMIEVA-CAMOS\"}]},{\"@type\":\"WebSite\",\"@id\":\"https:\\\/\\\/tdfcyber.fr\\\/rcyberna2021\\\/#website\",\"url\":\"https:\\\/\\\/tdfcyber.fr\\\/rcyberna2021\\\/\",\"name\":\"Rencontres de la Cybers\u00e9curit\u00e9 Nouvelle-Aquitaine 2021\",\"description\":\"Rencontres de la cybers\u00e9curit\u00e9 Nouvelle-Aquitaine 2021\",\"potentialAction\":[{\"@type\":\"SearchAction\",\"target\":{\"@type\":\"EntryPoint\",\"urlTemplate\":\"https:\\\/\\\/tdfcyber.fr\\\/rcyberna2021\\\/?s={search_term_string}\"},\"query-input\":{\"@type\":\"PropertyValueSpecification\",\"valueRequired\":true,\"valueName\":\"search_term_string\"}}],\"inLanguage\":\"fr-FR\"}]}<\/script>\n<!-- \/ Yoast SEO plugin. -->","yoast_head_json":{"title":"Karine AMIEVA-CAMOS - RCyber Nouvelle-Aquitaine 2021","description":"Rencontres de la Cybers\u00e9curit\u00e9 Nouvelle-Aquitaine 2021 - Karine AMIEVA-CAMOS - SISSE - Intervenante","robots":{"index":"index","follow":"follow","max-snippet":"max-snippet:-1","max-image-preview":"max-image-preview:large","max-video-preview":"max-video-preview:-1"},"canonical":"https:\/\/tdfcyber.fr\/rcyberna2021\/intervenants\/karine-amieva-camos\/","og_locale":"fr_FR","og_type":"article","og_title":"Karine AMIEVA-CAMOS - RCyber Nouvelle-Aquitaine 2021","og_description":"Rencontres de la Cybers\u00e9curit\u00e9 Nouvelle-Aquitaine 2021 - Karine AMIEVA-CAMOS - SISSE - Intervenante","og_url":"https:\/\/tdfcyber.fr\/rcyberna2021\/intervenants\/karine-amieva-camos\/","og_site_name":"Rencontres de la Cybers\u00e9curit\u00e9 Nouvelle-Aquitaine 2021","twitter_card":"summary_large_image","twitter_misc":{"Dur\u00e9e de lecture estim\u00e9e":"9 minutes"},"schema":{"@context":"https:\/\/schema.org","@graph":[{"@type":"WebPage","@id":"https:\/\/tdfcyber.fr\/rcyberna2021\/intervenants\/karine-amieva-camos\/","url":"https:\/\/tdfcyber.fr\/rcyberna2021\/intervenants\/karine-amieva-camos\/","name":"Karine AMIEVA-CAMOS - RCyber Nouvelle-Aquitaine 2021","isPartOf":{"@id":"https:\/\/tdfcyber.fr\/rcyberna2021\/#website"},"datePublished":"2021-09-24T11:42:06+00:00","description":"Rencontres de la Cybers\u00e9curit\u00e9 Nouvelle-Aquitaine 2021 - Karine AMIEVA-CAMOS - SISSE - Intervenante","breadcrumb":{"@id":"https:\/\/tdfcyber.fr\/rcyberna2021\/intervenants\/karine-amieva-camos\/#breadcrumb"},"inLanguage":"fr-FR","potentialAction":[{"@type":"ReadAction","target":["https:\/\/tdfcyber.fr\/rcyberna2021\/intervenants\/karine-amieva-camos\/"]}]},{"@type":"BreadcrumbList","@id":"https:\/\/tdfcyber.fr\/rcyberna2021\/intervenants\/karine-amieva-camos\/#breadcrumb","itemListElement":[{"@type":"ListItem","position":1,"name":"Accueil","item":"https:\/\/tdfcyber.fr\/rcyberna2021\/"},{"@type":"ListItem","position":2,"name":"Intervenants","item":"https:\/\/tdfcyber.fr\/rcyberna2021\/?page_id=180"},{"@type":"ListItem","position":3,"name":"Karine AMIEVA-CAMOS"}]},{"@type":"WebSite","@id":"https:\/\/tdfcyber.fr\/rcyberna2021\/#website","url":"https:\/\/tdfcyber.fr\/rcyberna2021\/","name":"Rencontres de la Cybers\u00e9curit\u00e9 Nouvelle-Aquitaine 2021","description":"Rencontres de la cybers\u00e9curit\u00e9 Nouvelle-Aquitaine 2021","potentialAction":[{"@type":"SearchAction","target":{"@type":"EntryPoint","urlTemplate":"https:\/\/tdfcyber.fr\/rcyberna2021\/?s={search_term_string}"},"query-input":{"@type":"PropertyValueSpecification","valueRequired":true,"valueName":"search_term_string"}}],"inLanguage":"fr-FR"}]}},"_links":{"self":[{"href":"https:\/\/tdfcyber.fr\/rcyberna2021\/wp-json\/wp\/v2\/pages\/1385","targetHints":{"allow":["GET"]}}],"collection":[{"href":"https:\/\/tdfcyber.fr\/rcyberna2021\/wp-json\/wp\/v2\/pages"}],"about":[{"href":"https:\/\/tdfcyber.fr\/rcyberna2021\/wp-json\/wp\/v2\/types\/page"}],"author":[{"embeddable":true,"href":"https:\/\/tdfcyber.fr\/rcyberna2021\/wp-json\/wp\/v2\/users\/1"}],"replies":[{"embeddable":true,"href":"https:\/\/tdfcyber.fr\/rcyberna2021\/wp-json\/wp\/v2\/comments?post=1385"}],"version-history":[{"count":0,"href":"https:\/\/tdfcyber.fr\/rcyberna2021\/wp-json\/wp\/v2\/pages\/1385\/revisions"}],"up":[{"embeddable":true,"href":"https:\/\/tdfcyber.fr\/rcyberna2021\/wp-json\/wp\/v2\/pages\/180"}],"wp:attachment":[{"href":"https:\/\/tdfcyber.fr\/rcyberna2021\/wp-json\/wp\/v2\/media?parent=1385"}],"curies":[{"name":"wp","href":"https:\/\/api.w.org\/{rel}","templated":true}]}}